{"id":534,"date":"2024-08-15T20:29:06","date_gmt":"2024-08-15T19:29:06","guid":{"rendered":"https:\/\/opre.ro\/?page_id=534"},"modified":"2024-08-15T20:31:39","modified_gmt":"2024-08-15T19:31:39","slug":"politica-gdpr","status":"publish","type":"page","link":"https:\/\/opre.ro\/index.php\/politica-gdpr\/","title":{"rendered":"Politica GDPR"},"content":{"rendered":"\t\t<div data-elementor-type=\"wp-page\" data-elementor-id=\"534\" class=\"elementor elementor-534\" data-elementor-post-type=\"page\">\n\t\t\t\t<div class=\"elementor-element elementor-element-789bb2b e-flex e-con-boxed e-con e-parent\" data-id=\"789bb2b\" data-element_type=\"container\" data-e-type=\"container\">\n\t\t\t\t\t<div class=\"e-con-inner\">\n\t\t\t\t<div class=\"elementor-element elementor-element-878b5db elementor-widget elementor-widget-text-editor\" data-id=\"878b5db\" data-element_type=\"widget\" data-e-type=\"widget\" data-widget_type=\"text-editor.default\">\n\t\t\t\t<div class=\"elementor-widget-container\">\n\t\t\t\t\t\t\t\t\t<section id=\"bWZVReQtkplg\" class=\"brz-section brz-css-jcUVN\"><div class=\"brz-section__content brz-section--boxed brz-css-skvNq brz-css-hl09X\" data-brz-custom-id=\"hm7EgQGxWg46\"><div class=\"brz-container brz-css-ze_Xd\"><div id=\"\" class=\"brz-css-zOzjr brz-css-aXS6l brz-wrapper\"><div class=\"brz-rich-text brz-rich-text__custom brz-css-vOYgj\" data-brz-custom-id=\"wfka3AQJBy9A\"><div data-brz-translate-text=\"1\"><h1 class=\"ql-align-center brz-tp-lg-heading1 brz-text-lg-center brz-css-w8D8l\" data-generated-css=\"brz-css-nwiwN\" data-uniq-id=\"hswtg\"><strong class=\"brz-cp-color1\">Politica de confiden\u021bialitate<\/strong><\/h1><h1 class=\"brz-tp-lg-heading1 brz-text-lg-center ql-align-center brz-css-nLgih\" data-generated-css=\"brz-css-riTzX\" data-uniq-id=\"gSTg2\"><strong class=\"brz-cp-color1\">Politica GDPR<\/strong><\/h1><\/div><\/div><\/div><div id=\"\" class=\"brz-css-zOzjr brz-css-bDJTf brz-wrapper\"><div class=\"brz-rich-text brz-rich-text__custom brz-css-vOYgj\" data-brz-custom-id=\"hEVraGqr9pQV\"><div data-brz-translate-text=\"1\"><p class=\"brz-tp-lg-subtitle brz-text-lg-center brz-css-j1Hru\" data-uniq-id=\"iN5mn\" data-generated-css=\"brz-css-eMVH5\"><span class=\"brz-cp-color1\"> Aceast\u0103 pagin\u0103 a fost ultima dat\u0103 actualizat\u0103 la 25 ianuarie 2024.<\/span><\/p><\/div><\/div><\/div><\/div><\/div><\/section><section id=\"bRrmW4nbaq8E\" class=\"brz-section brz-css-jcUVN\"><div class=\"brz-section__content brz-section--boxed brz-css-skvNq brz-css-hBFI4\" data-brz-custom-id=\"rJr8DfDLVjqV\"><div class=\"brz-bg\"><p>\u00a0<\/p><\/div><div class=\"brz-container brz-css-ze_Xd brz-css-ttdar\"><div class=\"brz-row__container brz-css-zCh8r\" data-brz-custom-id=\"wct7ud9FGgoc\"><div class=\"brz-row brz-css-fBAQy\"><div class=\"brz-columns brz-css-a0VLR brz-css-fT3dk\" data-brz-custom-id=\"zVklFOLkfgqg\"><div class=\"brz-column__items brz-css-ovx26 brz-css-jkN4z\"><div id=\"\" class=\"brz-css-zOzjr brz-wrapper\"><div class=\"brz-rich-text brz-rich-text__custom brz-css-vOYgj\" data-brz-custom-id=\"wvK0SUDgbome\"><div data-brz-translate-text=\"1\"><p class=\"brz-tp-lg-paragraph brz-text-lg-justify brz-css-km2lZ\" data-generated-css=\"brz-css-vjA3o\" data-uniq-id=\"saIJG\"><strong class=\"brz-cp-color1\">I. Informa\u021bii de interes general<\/strong><\/p><p class=\"brz-tp-lg-paragraph brz-text-lg-justify ql-align-justify brz-css-zHFzO\" data-generated-css=\"brz-css-tA4Uk\" data-uniq-id=\"q6xHZ\"><span class=\"brz-cp-color1\">Confiden\u021bialitatea datelor dumneavoastr\u0103 cu caracter personal reprezint\u0103 una dintre preocup\u0103rile principale ale Cabinet Avocat &#8211; Aurelian Opre, cu sediul \u00een\u00a0<\/span><span class=\"brz-cp-color1\">Loc. Giroc, str. Trandafirilor, nr. 88, jud. Timi\u0219, cod. 307220<\/span><span class=\"brz-cp-color1\"> \u00een calitate de operator de date. Acest document are rolul de a v\u0103 informa cu privire la prelucrarea datelor dumneavoastr\u0103 cu caracter personal, \u00een contextul utiliz\u0103rii paginii de internet\u00a0opre.ro(\u201eSite-ul\u201d).<\/span><\/p><p class=\"brz-tp-lg-paragraph brz-text-lg-justify brz-css-pjrwW\" data-generated-css=\"brz-css-sM8op\" data-uniq-id=\"pT6mE\"><strong class=\"brz-cp-color1\">II. Categoriile de date cu caracter personal prelucrate<\/strong><\/p><p class=\"brz-tp-lg-paragraph brz-text-lg-justify ql-align-justify brz-css-xX7t5\" data-generated-css=\"brz-css-jxiXw\" data-uniq-id=\"wBjjx\"><span class=\"brz-cp-color1\">Dac\u0103 sunte\u021bi vizitator al Site-ului, <\/span><span class=\"brz-cp-color1\">Cabinet Avocat &#8211; Aurelian Opre<\/span> <span class=\"brz-cp-color1\">va prelucra datele dumneavoastr\u0103 cu caracter personal pe care le furniza\u021bi \u00een mod direct \u00een contextul utiliz\u0103rii Site-ului, cum ar fi datele pe care le furniza\u021bi \u00een cadrul sec\u021biunii de contact, \u00een m\u0103sura \u00een care ne contacta\u021bi \u00een acest fel.<\/span><\/p><p class=\"brz-tp-lg-paragraph brz-text-lg-justify brz-css-yCrrS\" data-generated-css=\"brz-css-kaECS\" data-uniq-id=\"qZDRA\"><strong class=\"brz-cp-color1\">III. Scopurile \u0219i temeiurile prelucr\u0103rii<\/strong><\/p><p class=\"brz-tp-lg-paragraph brz-text-lg-justify ql-align-justify brz-css-n0fuZ\" data-generated-css=\"brz-css-wu_af\" data-uniq-id=\"zxroA\"><span class=\"brz-cp-color1\">Dac\u0103 sunte\u021bi vizitator al Site-ului,\u00a0<\/span><span class=\"brz-cp-color1\">Cabinet Avocat &#8211; Aurelian Opre <\/span><span class=\"brz-cp-color1\">prelucreaz\u0103 datele dumneavoastr\u0103 cu caracter personal astfel:<\/span><\/p><p class=\"brz-tp-lg-paragraph brz-text-lg-justify ql-align-justify brz-css-feyUP\" data-generated-css=\"brz-css-v9wP8\" data-uniq-id=\"ueXUg\"><span class=\"brz-cp-color1\">\u00b7\u00a0\u00a0pentru activit\u0103\u0163i de marketing, respectiv pentru transmiterea, prin intermediul mijloacelor de comunicare la distan\u0163\u0103 (e-mail, sms), de comunic\u0103ri comerciale privind produsele \u015fi serviciile oferite de\u00a0<\/span><span class=\"brz-cp-color1\">Cabinet Avocat &#8211; Aurelian Opre<\/span><span class=\"brz-cp-color1\"> prin intermediul Site-ului.<\/span><\/p><p class=\"brz-tp-lg-paragraph brz-text-lg-justify ql-align-justify brz-css-bqZpC\" data-generated-css=\"brz-css-gIr3m\" data-uniq-id=\"uW7Wz\"><span class=\"brz-cp-color1\">Temei: Prelucrarea datelor dumneavoastr\u0103 pentru acest scop are la baz\u0103 consim\u021b\u0103m\u00e2ntul dumneavoastr\u0103, dac\u0103 alege\u021bi s\u0103-l furniza\u021bi. V\u0103 pute\u021bi exprima consim\u021b\u0103m\u00e2ntul pentru prelucrarea datelor \u00een acest scop prin completarea \u0219i bifarea c\u0103su\u021bei corespunz\u0103toare din formularul de contact. Pentru dezabonarea de la primirea unor astfel de comunic\u0103ri comerciale pute\u021bi folosi op\u0163iunea de la finalul fiec\u0103rui e-mail\/ sms con\u0163in\u00e2nd comunic\u0103ri comerciale. Furnizarea datelor dumneavoastr\u0103 \u00een acest scop este voluntar\u0103. Refuzul furniz\u0103rii consim\u021b\u0103m\u00e2ntului pentru prelucrarea datelor dumneavoastr\u0103 \u00een acest scop nu va avea urm\u0103ri negative pentru dumneavoastr\u0103.<\/span><\/p><p class=\"brz-tp-lg-paragraph brz-text-lg-justify ql-align-justify brz-css-v96Qm\" data-generated-css=\"brz-css-uIQ4M\" data-uniq-id=\"eB_GB\"><span class=\"brz-cp-color1\">\u00b7 pentru rezolvarea pl\u00e2ngerilor, reclama\u0163iilor \u015fi pentru a monitoriza traficul \u0219i a \u00eembun\u0103t\u0103\u0163ii experien\u021ba dumneavoastr\u0103 oferit\u0103 pe Site.<\/span><\/p><p class=\"brz-tp-lg-paragraph brz-text-lg-justify ql-align-justify brz-css-xeH5P\" data-generated-css=\"brz-css-qTfDz\" data-uniq-id=\"txnlk\"><span class=\"brz-cp-color1\">Temei: Prelucrarea datelor dumneavoastr\u0103 pentru acest scop are la baz\u0103 interesul legitim al <\/span><span class=\"brz-cp-color1\">Cabinet Avocat &#8211; Aurelian Opre<\/span> <span class=\"brz-cp-color1\">de a asigura func\u021bionarea corect\u0103 a Site-ului, precum \u0219i pentru a \u00eembun\u0103t\u0103\u021bi permanent experien\u021ba vizitatorilor Site-ului, inclusiv prin solu\u021bionarea diferitelor comentarii, \u00eentreb\u0103ri sau reclama\u021bii. <\/span><\/p><p class=\"brz-tp-lg-paragraph brz-text-lg-justify ql-align-justify brz-css-s6KCI\" data-generated-css=\"brz-css-z8F2J\" data-uniq-id=\"ahodU\"><span class=\"brz-cp-color1\">Furnizarea datelor dumneavoastr\u0103 \u00een acest scop este voluntar\u0103. Refuzul furniz\u0103rii datelor pentru acest scop nu va avea urm\u0103ri negative pentru dumneavoastr\u0103.<\/span><\/p><p class=\"brz-tp-lg-paragraph brz-text-lg-justify brz-css-comxR\" data-generated-css=\"brz-css-wqm6v\" data-uniq-id=\"kgMBl\"><strong class=\"brz-cp-color1\">IV. Durata pentru care v\u0103 prelucr\u0103m datele<\/strong><\/p><p class=\"brz-tp-lg-paragraph brz-text-lg-justify ql-align-justify brz-css-bW63Y\" data-generated-css=\"brz-css-dxI7T\" data-uniq-id=\"pHjgu\"><span class=\"brz-cp-color1\">Ca principiu, <\/span><span class=\"brz-cp-color1\">Cabinet Avocat &#8211; Aurelian Opre<\/span><span class=\"brz-cp-color1\"> va prelucra datele dumneavoastr\u0103 cu caracter personal at\u00e2t c\u00e2t este necesar pentru realizarea scopurilor de prelucrare men\u021bionate mai sus. \u00cen cazul \u00een care dori\u021bi s\u0103 nu v\u0103 mai fie prelucrate datele cu caracter personal sau dac\u0103 dori\u021bi \u0219tergerea datelor, v\u0103 pute\u021bi exercita drepturile detaliate la punctul VII de mai jos. <\/span><\/p><p class=\"brz-tp-lg-paragraph brz-text-lg-justify ql-align-justify brz-css-wGlgt\" data-generated-css=\"brz-css-dxI7T\" data-uniq-id=\"pHjgu\">\u00a0<\/p><p class=\"brz-tp-lg-paragraph brz-text-lg-justify ql-align-justify brz-css-s8N9n\" data-generated-css=\"brz-css-xMfDs\" data-uniq-id=\"wWCVU\"><span class=\"brz-cp-color1\">Dac\u0103 v\u0103 retrage\u021bi consim\u021b\u0103m\u00e2ntul pentru prelucrarea datelor \u00een scop de marketing,\u00a0<\/span><span class=\"brz-cp-color1\">Cabinet Avocat &#8211; Aurelian v<\/span><span class=\"brz-cp-color1\">a \u00eenceta prelucrarea datelor dumneavoastr\u0103 cu caracter personal \u00een acest scop, f\u0103r\u0103 \u00eens\u0103 a afecta prelucr\u0103rile desf\u0103\u0219urate de <\/span><span class=\"brz-cp-color1\">Cabinet Avocat &#8211; Aurelian Opre <\/span><span class=\"brz-cp-color1\">pe baza consim\u021b\u0103m\u00e2ntului exprimat de c\u0103tre dumneavoastr\u0103 \u00eenainte de retragerea acestuia.<\/span><\/p><p class=\"brz-tp-lg-paragraph brz-text-lg-justify brz-css-nzgXS\" data-generated-css=\"brz-css-gFxL0\" data-uniq-id=\"elnQM\"><strong class=\"brz-cp-color1\">V. Dezv\u0103luirea datelor cu caracter personal<\/strong><\/p><p class=\"brz-tp-lg-paragraph brz-text-lg-justify ql-align-justify brz-css-g5BLR\" data-generated-css=\"brz-css-lTcMy\" data-uniq-id=\"mxZre\"><span class=\"brz-cp-color1\">Pentru \u00eendeplinirea scopurilor de prelucrare, <\/span><span class=\"brz-cp-color1\">Cabinet Avocat &#8211; Aurelian Opre <\/span><span class=\"brz-cp-color1\">poate dezv\u0103lui datele dumneavoastr\u0103 c\u0103tre parteneri, c\u0103tre ter\u021be persoane sau entit\u0103\u021bi care sprijin\u0103 <\/span><span class=\"brz-cp-color1\">Cabinet Avocat &#8211; Aurelian Opre <\/span><span class=\"brz-cp-color1\">\u00een desf\u0103\u0219urarea activit\u0103\u021bii prin intermediul Site-ului (de exemplu firme de curierat, furnizori de servicii IT), ori c\u0103tre autorit\u0103\u021bile publice centrale\/locale, \u00een urm\u0103toarele cazuri exemplificativ enumerate:<\/span><\/p><p class=\"brz-tp-lg-paragraph brz-text-lg-justify ql-align-justify brz-css-hQhh2\" data-generated-css=\"brz-css-ifXRA\" data-uniq-id=\"aTq0J\"><span class=\"brz-cp-color1\">\u00b7\u00a0\u00a0\u00a0\u00a0\u00a0\u00a0\u00a0pentru administrarea Site-ului;<\/span><\/p><p class=\"brz-tp-lg-paragraph brz-text-lg-justify ql-align-justify brz-css-dh6WJ\" data-generated-css=\"brz-css-uSGad\" data-uniq-id=\"uOzVO\"><span class=\"brz-cp-color1\">\u00b7\u00a0\u00a0\u00a0\u00a0 \u00een situa\u021biile \u00een care aceast\u0103 comunicare ar fi necesar\u0103 pentru atribuirea de premii sau alte facilit\u0103\u021bi persoanelor vizate, ob\u021binute ca urmare a particip\u0103rii lor la diverse campanii promo\u021bionale organizate de c\u0103tre <\/span><span class=\"brz-cp-color1\">Cabinet Avocat &#8211; Aurelian Opre <\/span><span class=\"brz-cp-color1\">prin intermediul Site-ului;<\/span><\/p><p class=\"brz-tp-lg-paragraph brz-text-lg-justify ql-align-justify brz-css-wjgmU\" data-generated-css=\"brz-css-aUwjZ\" data-uniq-id=\"rUswK\"><span class=\"brz-cp-color1\">\u00b7\u00a0\u00a0\u00a0\u00a0\u00a0\u00a0\u00a0pentru men\u021binerea, personalizarea \u0219i \u00eembun\u0103t\u0103\u021birea Site-ului \u0219i a serviciilor derulate prin intermediul lui;<\/span><\/p><p class=\"brz-tp-lg-paragraph brz-text-lg-justify ql-align-justify brz-css-rcBVB\" data-generated-css=\"brz-css-l947A\" data-uniq-id=\"xFXUx\"><span class=\"brz-cp-color1\">\u00b7\u00a0\u00a0\u00a0\u00a0pentru efectuarea analizei datelor, testarea \u0219i cercetarea, monitorizarea tendin\u021belor de utilizare \u0219i activitate \u0219i dezvoltarea caracteristicilor de siguran\u021b\u0103;<\/span><\/p><p class=\"brz-tp-lg-paragraph brz-text-lg-justify ql-align-justify brz-css-h1TX_\" data-generated-css=\"brz-css-cINbI\" data-uniq-id=\"v7Rc7\"><span class=\"brz-cp-color1\">\u00b7\u00a0\u00a0\u00a0\u00a0\u00a0\u00a0\u00a0pentru transmiterea de comunic\u0103ri comerciale de marketing, \u00een condi\u021biile \u0219i limitele prev\u0103zute de lege;<\/span><\/p><p class=\"brz-tp-lg-paragraph brz-text-lg-justify ql-align-justify brz-css-l0cQK\" data-generated-css=\"brz-css-tg8WO\" data-uniq-id=\"ajVB2\"><span class=\"brz-cp-color1\">\u00b7\u00a0\u00a0\u00a0\u00a0\u00a0\u00a0\u00a0atunci c\u00e2nd dezv\u0103luirea datelor cu caracter personal este prev\u0103zut\u0103 de lege etc.<\/span><\/p><p class=\"brz-tp-lg-paragraph brz-text-lg-justify brz-css-tha30\" data-generated-css=\"brz-css-yCsSK\" data-uniq-id=\"iEH2R\"><strong class=\"brz-cp-color1\">VI. Transferul datelor cu caracter personal<\/strong><\/p><p class=\"brz-tp-lg-paragraph brz-text-lg-justify ql-align-justify brz-css-r3YbF\" data-generated-css=\"brz-css-zcwBP\" data-uniq-id=\"dwYfL\"><span class=\"brz-cp-color1\">Datele cu caracter personal furnizate c\u0103tre <\/span><span class=\"brz-cp-color1\">Cabinet Avocat &#8211; Aurelian Opre<\/span><span class=\"brz-cp-color1\"> pot fi transferate \u00een afara Rom\u00e2niei, dar doar c\u0103tre state din Uniunea European\u0103.<\/span><\/p><p class=\"brz-tp-lg-paragraph brz-text-lg-justify brz-css-vznvG\" data-generated-css=\"brz-css-n7bd_\" data-uniq-id=\"omTVb\"><strong class=\"brz-cp-color1\">VII. Drepturile de care beneficia\u021bi<\/strong><\/p><p class=\"brz-tp-lg-paragraph brz-text-lg-justify ql-align-justify brz-css-y4i_k\" data-generated-css=\"brz-css-dHt9U\" data-uniq-id=\"rrLeD\"><span class=\"brz-cp-color1\">\u00cen condi\u021biile prev\u0103zute de legisla\u021bia \u00een materia prelucr\u0103rii datelor cu caracter personal, \u00een calitate de persoane vizate, beneficia\u021bi de urm\u0103toarele drepturi:<\/span><\/p><p class=\"brz-tp-lg-paragraph brz-text-lg-justify ql-align-justify brz-css-bIO2K\" data-generated-css=\"brz-css-robjE\" data-uniq-id=\"u8WbM\"><span class=\"brz-cp-color1\">\u00b7\u00a0\u00a0\u00a0\u00a0\u00a0\u00a0\u00a0dreptul la informare, respectiv dreptul de a primi detalii privind activit\u0103\u021bile de prelucrare efectuate de c\u0103tre <\/span><span class=\"brz-cp-color1\">Cabinet Avocat &#8211; Aurelian Opre<\/span><span class=\"brz-cp-color1\">, conform celor descrise \u00een prezentul document;<\/span><\/p><p class=\"brz-tp-lg-paragraph brz-text-lg-justify ql-align-justify brz-css-nOF2A\" data-generated-css=\"brz-css-kKX9V\" data-uniq-id=\"wy1js\"><span class=\"brz-cp-color1\">\u00b7\u00a0\u00a0\u00a0\u00a0\u00a0\u00a0\u00a0dreptul de acces la date, respectiv dreptul de a ob\u021bine confirmarea din partea <\/span><span class=\"brz-cp-color1\">Cabinet Avocat &#8211; Aurelian Opre <\/span><span class=\"brz-cp-color1\">cu privire la prelucrarea datelor cu caracter personal, precum \u0219i detalii privind activit\u0103\u021bile de prelucrare precum modalitatea \u00een care sunt prelucrate datele, scopul \u00een care se face prelucrarea, destinatarii sau categoriile de destinatari ai datelor, etc;<\/span><\/p><p class=\"brz-tp-lg-paragraph brz-text-lg-justify ql-align-justify brz-css-dFtoi\" data-generated-css=\"brz-css-bhufH\" data-uniq-id=\"rQoQa\"><span class=\"brz-cp-color1\">\u00b7\u00a0\u00a0\u00a0\u00a0\u00a0\u00a0\u00a0dreptul la rectificare, respectiv dreptul de a ob\u021bine corectarea, f\u0103r\u0103 \u00eent\u00e2rzieri justificate, de c\u0103tre\u00a0<\/span><span class=\"brz-cp-color1\">Cabinet Avocat &#8211; Aurelian Opre <\/span><span class=\"brz-cp-color1\">a datelor cu caracter personal inexacte\/nejustificate, precum \u0219i completarea datelor incomplete; Rectificarea\/completarea va fi comunicat\u0103 fiec\u0103rui destinatar la care au fost transmise datele, cu excep\u021bia cazului \u00een care acest lucru se dovede\u0219te imposibil sau presupune eforturi dispropor\u021bionate.<\/span><\/p><p class=\"brz-tp-lg-paragraph brz-text-lg-justify ql-align-justify brz-css-llnU9\" data-generated-css=\"brz-css-kuoMT\" data-uniq-id=\"wLqty\"><span class=\"brz-cp-color1\">\u00b7\u00a0\u00a0\u00a0\u00a0\u00a0\u00a0\u00a0dreptul la \u0219tergerea datelor, f\u0103r\u0103 \u00eent\u00e2rzieri nejustificate, (\u201edreptul de a fi uitat\u201d), \u00een cazul in care se aplic\u0103 unul dintre urm\u0103toarele motive:<\/span><\/p><p class=\"brz-tp-lg-paragraph brz-text-lg-justify ql-align-justify brz-css-m24ww\" data-generated-css=\"brz-css-mJmQO\" data-uniq-id=\"kF69G\"><span class=\"brz-cp-color1\">o\u00a0\u00a0acestea nu mai sunt necesare pentru \u00eendeplinirea scopurilor pentru care au fost colectate sau prelucrate;<\/span><\/p><p class=\"brz-tp-lg-paragraph brz-text-lg-justify ql-align-justify brz-css-kcqR2\" data-generated-css=\"brz-css-xHzDr\" data-uniq-id=\"fmNZM\"><span class=\"brz-cp-color1\">o\u00a0 \u00een cazul \u00een care este retras consim\u021b\u0103m\u00e2ntul \u0219i nu exist\u0103 niciun alt temei juridic pentru prelucrare;<\/span><\/p><p class=\"brz-tp-lg-paragraph brz-text-lg-justify ql-align-justify brz-css-tsoqT\" data-generated-css=\"brz-css-otXXQ\" data-uniq-id=\"nnjVg\"><span class=\"brz-cp-color1\">o\u00a0\u00a0\u00een cazul \u00een care persoana vizat\u0103 se opune prelucr\u0103rii \u0219i nu exist\u0103 motive legitime care s\u0103 prevaleze;<\/span><\/p><p class=\"brz-tp-lg-paragraph brz-text-lg-justify ql-align-justify brz-css-v5HRg\" data-generated-css=\"brz-css-auX6z\" data-uniq-id=\"s9Qm7\"><span class=\"brz-cp-color1\">o\u00a0\u00a0\u00een cazul \u00een care datele cu caracter personal au fost prelucrate ilegal;<\/span><\/p><p class=\"brz-tp-lg-paragraph brz-text-lg-justify ql-align-justify brz-css-jDzi9\" data-generated-css=\"brz-css-cup55\" data-uniq-id=\"uX2e1\"><span class=\"brz-cp-color1\">o\u00a0\u00a0\u00een cazul \u00een care datele cu caracter personal trebuie \u0219terse pentru respectarea unei obliga\u021bii legale;<\/span><\/p><p class=\"brz-tp-lg-paragraph brz-text-lg-justify ql-align-justify brz-css-xYPT3\" data-generated-css=\"brz-css-pBNXS\" data-uniq-id=\"f8M8W\"><span class=\"brz-cp-color1\">o\u00a0\u00a0datele cu caracter personal au fost colectate \u00een leg\u0103tur\u0103 cu oferirea de servicii ale societ\u0103\u021bii informa\u021bionale conform dreptului Uniunii sau al dreptului intern sub incidenta c\u0103ruia se afl\u0103 operatorul. Este posibil ca, \u00een urma solicit\u0103rii de \u0219tergere a datelor,\u00a0<\/span><span class=\"brz-cp-color1\">Cabinet Avocat &#8211; Aurelian Opre<\/span><span class=\"brz-cp-color1\">\u00a0s\u0103 anonimizeze aceste date (lipsindu-le astfel de caracterul personal) \u0219i s\u0103 continue \u00een aceste condi\u021bii prelucrarea pentru scopuri statistice;<\/span><\/p><p class=\"brz-tp-lg-paragraph brz-text-lg-justify ql-align-justify brz-css-laCHl\" data-generated-css=\"brz-css-cDLZd\" data-uniq-id=\"eN75B\"><span class=\"brz-cp-color1\">\u00b7\u00a0\u00a0\u00a0\u00a0\u00a0\u00a0\u00a0dreptul la restric\u021bionarea prelucr\u0103rii \u00een m\u0103sura \u00een care : <\/span><\/p><p class=\"brz-tp-lg-paragraph brz-text-lg-justify ql-align-justify brz-css-utimV\" data-generated-css=\"brz-css-a0AZv\" data-uniq-id=\"xd1zZ\"><span class=\"brz-cp-color1\">o\u00a0\u00a0persoana contest\u0103 exactitatea datelor, pe o perioad\u0103 care ne permite verificarea corectitudinii datelor; o\u00a0prelucrarea este ilegal\u0103, iar persoana avizat\u0103 se opune \u0219tergerii datelor cu caracter personal, solicit\u00e2nd \u00een schimb restric\u021bionarea utiliz\u0103rii lor;<\/span><\/p><p class=\"brz-tp-lg-paragraph brz-text-lg-justify ql-align-justify brz-css-giBdg\" data-generated-css=\"brz-css-lmZV_\" data-uniq-id=\"m_J1o\"><span class=\"brz-cp-color1\">o\u00a0\u00a0operatorul nu mai are nevoie de datele cu caracter personal \u00een scopul prelucr\u0103rii, dar persoana vizat\u0103 i le solicit\u0103 pentru constatarea, exercitarea sau ap\u0103rarea unui drept \u00een instan\u021b\u0103; sau<\/span><\/p><p class=\"brz-tp-lg-paragraph brz-text-lg-justify ql-align-justify brz-css-eec9h\" data-generated-css=\"brz-css-aqhtf\" data-uniq-id=\"l1hld\"><span class=\"brz-cp-color1\">o\u00a0\u00a0persoana vizat\u0103 s-a opus prelucr\u0103rii (altele dec\u00e2t cele de marketing direct), pentru intervalul de timp \u00een care se verific\u0103 dac\u0103 drepturile legitime ale operatorului prevaleaz\u0103 asupra celor ale persoanei vizate.<\/span><\/p><p class=\"brz-tp-lg-paragraph brz-text-lg-justify ql-align-justify brz-css-hWyeR\" data-generated-css=\"brz-css-wAHLZ\" data-uniq-id=\"ti491\"><span class=\"brz-cp-color1\">\u00b7\u00a0\u00a0\u00a0\u00a0\u00a0\u00a0\u00a0dreptul la portabilitatea datelor, respectiv (i) dreptul de a primi datele cu caracter personal \u00eentr-o modalitate structurat\u0103, folosit\u0103 \u00een mod obi\u0219nuit \u0219i \u00eentr-un format u\u0219or de citit, precum \u0219i (ii) dreptul ca aceste date s\u0103 fie transmise de c\u0103tre\u00a0<\/span><span class=\"brz-cp-color1\">Cabinet Avocat &#8211; Aurelian Opre <\/span><span class=\"brz-cp-color1\">c\u0103tre alt operator de date, \u00een m\u0103sura \u00een care sunt \u00eendeplinite condi\u021biile prev\u0103zute de lege;<\/span><\/p><p class=\"brz-tp-lg-paragraph brz-text-lg-justify ql-align-justify brz-css-qGTyB\" data-generated-css=\"brz-css-mFFTa\" data-uniq-id=\"qoLrL\"><span class=\"brz-cp-color1\">\u00b7\u00a0\u00a0\u00a0\u00a0\u00a0\u00a0\u00a0dreptul la opozi\u021bie \u2013 \u00een ceea ce prive\u0219te activit\u0103\u021bile de prelucrare se poate exercita prin transmiterea unei solicit\u0103ri conform celor indicate mai jos;<\/span><\/p><p class=\"brz-tp-lg-paragraph brz-text-lg-justify ql-align-justify brz-css-tmjMV\" data-generated-css=\"brz-css-f4bfg\" data-uniq-id=\"hYh6Y\"><span class=\"brz-cp-color1\">o\u00a0\u00a0\u00een orice moment, din motive legate de situa\u021bia particular\u0103 \u00een care se afl\u0103 persoana vizat\u0103, ca datele care o vizeaz\u0103 s\u0103 fie prelucrate \u00een temeiul interesului legitim al\u00a0<\/span><span class=\"brz-cp-color1\">Cabinet Avocat &#8211; Aurelian Opre<\/span><span class=\"brz-cp-color1\">\u00a0sau \u00een temeiul interesului public, cu excep\u021bia cazurilor \u00een care\u00a0<\/span><span class=\"brz-cp-color1\">Cabinet Avocat &#8211; Aurelian Opre <\/span><span class=\"brz-cp-color1\">poate demonstra c\u0103 are motive legitime \u0219i imperioase care justific\u0103 prelucrarea \u0219i care prevaleaz\u0103 asupra intereselor, drepturilor \u0219i libert\u0103\u021bilor persoanelor vizate sau c\u0103 scopul este constatarea, exercitarea sau ap\u0103rarea unui drept \u00een instan\u021b\u0103;<\/span><\/p><p class=\"brz-tp-lg-paragraph brz-text-lg-justify ql-align-justify brz-css-gEGu6\" data-generated-css=\"brz-css-dbf8J\" data-uniq-id=\"jEgrG\"><span class=\"brz-cp-color1\">o\u00a0\u00a0\u00een orice moment, \u00een mod gratuit \u0219i f\u0103r\u0103 nicio justificare, c\u0103 datele care o vizeaz\u0103 s\u0103 fie prelucrate \u00een scop de marketing direct.<\/span><\/p><p class=\"brz-tp-lg-paragraph brz-text-lg-justify ql-align-justify brz-css-y1bnA\" data-generated-css=\"brz-css-cApkA\" data-uniq-id=\"jHuMm\"><span class=\"brz-cp-color1\">\u00b7\u00a0\u00a0\u00a0\u00a0\u00a0\u00a0\u00a0dreptul de a nu fi supus unei decizii individuale automate, respectiv dreptul de a nu fi subiectul unei decizii luate numai pe baza unor activit\u0103\u021bi de prelucrare automate, inclusiv crearea de profiluri, care produce efecte juridice care privesc persoana vizat\u0103 sau o afecteaz\u0103 \u00een mod similar \u00eentr-o m\u0103sur\u0103 semnificativ\u0103;<\/span><\/p><p class=\"brz-tp-lg-paragraph brz-text-lg-justify ql-align-justify brz-css-j16q4\" data-generated-css=\"brz-css-auDN4\" data-uniq-id=\"gGRiA\"><span class=\"brz-cp-color1\">\u00b7\u00a0\u00a0\u00a0\u00a0\u00a0\u00a0\u00a0dreptul de a v\u0103 adresa Autorit\u0103\u021bii Na\u021bionale de Supraveghere a Prelucr\u0103rii Datelor cu Caracter Personal sau instan\u021belor competente, \u00een m\u0103sura \u00een care considera\u021bi necesar.<\/span><\/p><p class=\"brz-tp-lg-paragraph brz-text-lg-justify ql-align-justify brz-css-kPopn\" data-generated-css=\"brz-css-rlsAU\" data-uniq-id=\"n51hj\"><span class=\"brz-cp-color1\">Pentru orice \u00eentreb\u0103ri suplimentare cu privire la modul \u00een care datele cu caracter personal sunt prelucrate \u0219i pentru a v\u0103 exercita drepturile men\u021bionate mai sus, v\u0103 rug\u0103m s\u0103 v\u0103 adresa\u021bi la adresa de email:\u00a0*MAIL FIRMA* .Aceast\u0103 pagin\u0103 de internet folose\u0219te fi\u0219iere de tip cookie. Pentru mai multe informa\u021bii cu privire la modul \u00een care se folosesc aceste fi\u0219iere, v\u0103 rug\u0103m s\u0103 accesa\u021bi acest link.<\/span><\/p><\/div><\/div><\/div><\/div><\/div><\/div><\/div><\/div><\/div><\/section>\t\t\t\t\t\t\t\t<\/div>\n\t\t\t\t<\/div>\n\t\t\t\t\t<\/div>\n\t\t\t\t<\/div>\n\t\t\t\t<\/div>\n\t\t","protected":false},"excerpt":{"rendered":"<p>Politica de confiden\u021bialitate Politica GDPR Aceast\u0103 pagin\u0103 a fost ultima dat\u0103 actualizat\u0103 la 25 ianuarie 2024. \u00a0 I. Informa\u021bii de interes general Confiden\u021bialitatea datelor dumneavoastr\u0103 cu caracter personal reprezint\u0103 una dintre preocup\u0103rile principale ale Cabinet Avocat &#8211; Aurelian Opre, cu sediul \u00een\u00a0Loc. Giroc, str. Trandafirilor, nr. 88, jud. Timi\u0219, cod. 307220 \u00een calitate de operator [&hellip;]<\/p>\n","protected":false},"author":1,"featured_media":0,"parent":0,"menu_order":0,"comment_status":"closed","ping_status":"closed","template":"","meta":{"iawp_total_views":6,"footnotes":""},"class_list":["post-534","page","type-page","status-publish","hentry"],"yoast_head":"<!-- This site is optimized with the Yoast SEO plugin v25.9 - https:\/\/yoast.com\/wordpress\/plugins\/seo\/ -->\n<title>Politica GDPR -<\/title>\n<meta name=\"robots\" content=\"index, follow, max-snippet:-1, max-image-preview:large, max-video-preview:-1\" \/>\n<link rel=\"canonical\" href=\"https:\/\/opre.ro\/index.php\/politica-gdpr\/\" \/>\n<meta property=\"og:locale\" content=\"en_US\" \/>\n<meta property=\"og:type\" content=\"article\" \/>\n<meta property=\"og:title\" content=\"Politica GDPR -\" \/>\n<meta property=\"og:description\" content=\"Politica de confiden\u021bialitate Politica GDPR Aceast\u0103 pagin\u0103 a fost ultima dat\u0103 actualizat\u0103 la 25 ianuarie 2024. \u00a0 I. Informa\u021bii de interes general Confiden\u021bialitatea datelor dumneavoastr\u0103 cu caracter personal reprezint\u0103 una dintre preocup\u0103rile principale ale Cabinet Avocat &#8211; Aurelian Opre, cu sediul \u00een\u00a0Loc. Giroc, str. Trandafirilor, nr. 88, jud. Timi\u0219, cod. 307220 \u00een calitate de operator [&hellip;]\" \/>\n<meta property=\"og:url\" content=\"https:\/\/opre.ro\/index.php\/politica-gdpr\/\" \/>\n<meta property=\"article:modified_time\" content=\"2024-08-15T19:31:39+00:00\" \/>\n<meta name=\"twitter:card\" content=\"summary_large_image\" \/>\n<meta name=\"twitter:label1\" content=\"Est. reading time\" \/>\n\t<meta name=\"twitter:data1\" content=\"7 minutes\" \/>\n<script type=\"application\/ld+json\" class=\"yoast-schema-graph\">{\"@context\":\"https:\/\/schema.org\",\"@graph\":[{\"@type\":\"WebPage\",\"@id\":\"https:\/\/opre.ro\/index.php\/politica-gdpr\/\",\"url\":\"https:\/\/opre.ro\/index.php\/politica-gdpr\/\",\"name\":\"Politica GDPR -\",\"isPartOf\":{\"@id\":\"https:\/\/opre.ro\/#website\"},\"datePublished\":\"2024-08-15T19:29:06+00:00\",\"dateModified\":\"2024-08-15T19:31:39+00:00\",\"breadcrumb\":{\"@id\":\"https:\/\/opre.ro\/index.php\/politica-gdpr\/#breadcrumb\"},\"inLanguage\":\"en-US\",\"potentialAction\":[{\"@type\":\"ReadAction\",\"target\":[\"https:\/\/opre.ro\/index.php\/politica-gdpr\/\"]}]},{\"@type\":\"BreadcrumbList\",\"@id\":\"https:\/\/opre.ro\/index.php\/politica-gdpr\/#breadcrumb\",\"itemListElement\":[{\"@type\":\"ListItem\",\"position\":1,\"name\":\"Home\",\"item\":\"https:\/\/opre.ro\/\"},{\"@type\":\"ListItem\",\"position\":2,\"name\":\"Politica GDPR\"}]},{\"@type\":\"WebSite\",\"@id\":\"https:\/\/opre.ro\/#website\",\"url\":\"https:\/\/opre.ro\/\",\"name\":\"\",\"description\":\"\",\"potentialAction\":[{\"@type\":\"SearchAction\",\"target\":{\"@type\":\"EntryPoint\",\"urlTemplate\":\"https:\/\/opre.ro\/?s={search_term_string}\"},\"query-input\":{\"@type\":\"PropertyValueSpecification\",\"valueRequired\":true,\"valueName\":\"search_term_string\"}}],\"inLanguage\":\"en-US\"}]}<\/script>\n<!-- \/ Yoast SEO plugin. -->","yoast_head_json":{"title":"Politica GDPR -","robots":{"index":"index","follow":"follow","max-snippet":"max-snippet:-1","max-image-preview":"max-image-preview:large","max-video-preview":"max-video-preview:-1"},"canonical":"https:\/\/opre.ro\/index.php\/politica-gdpr\/","og_locale":"en_US","og_type":"article","og_title":"Politica GDPR -","og_description":"Politica de confiden\u021bialitate Politica GDPR Aceast\u0103 pagin\u0103 a fost ultima dat\u0103 actualizat\u0103 la 25 ianuarie 2024. \u00a0 I. Informa\u021bii de interes general Confiden\u021bialitatea datelor dumneavoastr\u0103 cu caracter personal reprezint\u0103 una dintre preocup\u0103rile principale ale Cabinet Avocat &#8211; Aurelian Opre, cu sediul \u00een\u00a0Loc. Giroc, str. Trandafirilor, nr. 88, jud. Timi\u0219, cod. 307220 \u00een calitate de operator [&hellip;]","og_url":"https:\/\/opre.ro\/index.php\/politica-gdpr\/","article_modified_time":"2024-08-15T19:31:39+00:00","twitter_card":"summary_large_image","twitter_misc":{"Est. reading time":"7 minutes"},"schema":{"@context":"https:\/\/schema.org","@graph":[{"@type":"WebPage","@id":"https:\/\/opre.ro\/index.php\/politica-gdpr\/","url":"https:\/\/opre.ro\/index.php\/politica-gdpr\/","name":"Politica GDPR -","isPartOf":{"@id":"https:\/\/opre.ro\/#website"},"datePublished":"2024-08-15T19:29:06+00:00","dateModified":"2024-08-15T19:31:39+00:00","breadcrumb":{"@id":"https:\/\/opre.ro\/index.php\/politica-gdpr\/#breadcrumb"},"inLanguage":"en-US","potentialAction":[{"@type":"ReadAction","target":["https:\/\/opre.ro\/index.php\/politica-gdpr\/"]}]},{"@type":"BreadcrumbList","@id":"https:\/\/opre.ro\/index.php\/politica-gdpr\/#breadcrumb","itemListElement":[{"@type":"ListItem","position":1,"name":"Home","item":"https:\/\/opre.ro\/"},{"@type":"ListItem","position":2,"name":"Politica GDPR"}]},{"@type":"WebSite","@id":"https:\/\/opre.ro\/#website","url":"https:\/\/opre.ro\/","name":"","description":"","potentialAction":[{"@type":"SearchAction","target":{"@type":"EntryPoint","urlTemplate":"https:\/\/opre.ro\/?s={search_term_string}"},"query-input":{"@type":"PropertyValueSpecification","valueRequired":true,"valueName":"search_term_string"}}],"inLanguage":"en-US"}]}},"_links":{"self":[{"href":"https:\/\/opre.ro\/index.php\/wp-json\/wp\/v2\/pages\/534","targetHints":{"allow":["GET"]}}],"collection":[{"href":"https:\/\/opre.ro\/index.php\/wp-json\/wp\/v2\/pages"}],"about":[{"href":"https:\/\/opre.ro\/index.php\/wp-json\/wp\/v2\/types\/page"}],"author":[{"embeddable":true,"href":"https:\/\/opre.ro\/index.php\/wp-json\/wp\/v2\/users\/1"}],"replies":[{"embeddable":true,"href":"https:\/\/opre.ro\/index.php\/wp-json\/wp\/v2\/comments?post=534"}],"version-history":[{"count":10,"href":"https:\/\/opre.ro\/index.php\/wp-json\/wp\/v2\/pages\/534\/revisions"}],"predecessor-version":[{"id":544,"href":"https:\/\/opre.ro\/index.php\/wp-json\/wp\/v2\/pages\/534\/revisions\/544"}],"wp:attachment":[{"href":"https:\/\/opre.ro\/index.php\/wp-json\/wp\/v2\/media?parent=534"}],"curies":[{"name":"wp","href":"https:\/\/api.w.org\/{rel}","templated":true}]}}